{"id":40207,"date":"2022-04-13T07:21:09","date_gmt":"2022-04-13T07:21:09","guid":{"rendered":"https:\/\/www.italwin.it\/batteries-and-motors\/"},"modified":"2022-09-26T11:29:48","modified_gmt":"2022-09-26T11:29:48","slug":"baterias-y-motors","status":"publish","type":"page","link":"https:\/\/www.italwin.it\/es\/baterias-y-motors\/","title":{"rendered":"Bater\u00edas y motors"},"content":{"rendered":"<div class=\"wpb-content-wrapper\"><p>[vc_row full_width=\u00bbstretch_row\u00bb css=\u00bb.vc_custom_1653914499917{padding-top: 900px !important;padding-bottom: 20px !important;background-image: url(https:\/\/www.italwin.it\/wp-content\/uploads\/2022\/05\/header-batterie.jpg?id=6220) !important;background-position: center !important;background-repeat: no-repeat !important;background-size: cover !important;}\u00bb el_class=\u00bbheader-pagina onda-bottom\u00bb][vc_column][\/vc_column][\/vc_row][vc_row gap=\u00bb35&#8243; content_placement=\u00bbmiddle\u00bb][vc_column][vc_row_inner content_placement=\u00bbmiddle\u00bb gap=\u00bb35&#8243; el_class=\u00bbcontainer-1600 max-width-1000&#8243;][vc_column_inner]<div class=\"porto-u-heading  wpb_custom_95aa9a11c17ad45cfabaf210d84ee7cc porto-u-55ca8359258f9a412be7e73af65d2aac \"><div class=\"porto-u-main-heading\"><h1  >Bater\u00edas<\/h1><\/div><style>.porto-u-55ca8359258f9a412be7e73af65d2aac.porto-u-heading{text-align:center}<\/style><\/div>[vc_column_text css=\u00bb.vc_custom_1664191101360{margin-bottom: 20px !important;}\u00bb]<\/p>\n<h4 style=\"text-align: center;\">Est\u00e1ndares de alta calidad<\/h4>\n<p style=\"text-align: center;\">Las bater\u00edas de las bicicletas el\u00e9ctricas Italwin han sido elegidas con mucho cuidado, despu\u00e9s de seleccionar <strong>los mejores proveedores italianos del mercado<\/strong>, para ofrecer <strong>solo productos de alta calidad<\/strong>.<\/p>\n<p>[\/vc_column_text][\/vc_column_inner][\/vc_row_inner][\/vc_column][\/vc_row][vc_row content_placement=\u00bbbottom\u00bb css=\u00bb.vc_custom_1648453385896{margin-top: 0px !important;margin-right: 0px !important;margin-bottom: 0px !important;margin-left: 0px !important;padding-top: 0px !important;padding-right: 0px !important;padding-bottom: 0px !important;padding-left: 0px !important;}\u00bb el_class=\u00bbperformance-and-tech\u00bb][vc_column width=\u00bb2\/3&#8243; el_class=\u00bbhighlight\u00bb][vc_row_inner gap=\u00bb35&#8243;][vc_column_inner]<div class=\"porto-sicon-box  wpb_custom_a5736e55f1a3d1731ef597c8d022d611 style_1 top-icon text-left\"><div class=\"porto-sicon-header\"><h3 class=\"porto-sicon-title\" style=\"\">bater\u00edas firmadas por FIVE para garantizar rendimiento y durabilidad<\/h3><\/div> <!-- header --><div class=\"porto-sicon-description\" style=\"\">La bater\u00eda es la principal fuente de energ\u00eda de la bicicleta el\u00e9ctrica, proporciona la energ\u00eda el\u00e9ctrica necesaria mientras se conduce. <strong>FIVE ha optado por abarcar el mercado de las bater\u00edas con producci\u00f3n interna semiautom\u00e1tica<\/strong>, para sus bicicletas el\u00e9ctricas y solucesones OEM.<br \/>\nLa elecci\u00f3n de FIVE est\u00e1 dictada por la necesidad de garantizar altos est\u00e1ndares de calidad, una elecci\u00f3n que no puede separarse de una relocalizaci\u00f3n que, iniciada en 2013 con el traslado de la producci\u00f3n de bicicletas el\u00e9ctricas de China a Italia, contin\u00faa hoy con la implementaci\u00f3n de nuevos departamentos para la producci\u00f3n de los componentes principales de una bicicleta el\u00e9ctrica.<\/div> <!-- description --><\/div><!-- porto-sicon-box -->[vc_empty_space]<div class=\"porto-sicon-box  wpb_custom_a5736e55f1a3d1731ef597c8d022d611 style_1 top-icon text-left\"><div class=\"porto-sicon-header\"><h3 class=\"porto-sicon-title\" style=\"\">Seguridad total<\/h3><\/div> <!-- header --><div class=\"porto-sicon-description\" style=\"\">Las bater\u00edas FIVE est\u00e1n fabricadas con celdas Samsung, BAK y EVE, certificadas seg\u00fan la norma UN38.3 en laboratorios italianos.<br \/>\nSuperar las pruebas UN38.3 es requisito obligatorio para poder comercializar las bater\u00edas de forma individual y separada de la e-bike. Por lo tanto, el cliente puede elegir bater\u00edas de diferentes capacidades, adecuadas a sus necesidades de viaje. <\/div> <!-- description --><\/div><!-- porto-sicon-box -->[\/vc_column_inner][\/vc_row_inner][\/vc_column][vc_column width=\u00bb1\/3&#8243; el_class=\u00bbfoto-bg\u00bb][vc_single_image image=\u00bb5850&#8243; img_size=\u00bbfull\u00bb alignment=\u00bbright\u00bb css=\u00bb.vc_custom_1649837871553{margin-top: 0px !important;margin-right: 0px !important;margin-bottom: 0px !important;margin-left: 0px !important;padding-top: 0px !important;padding-right: 0px !important;padding-bottom: 0px !important;padding-left: 0px !important;}\u00bb][\/vc_column][\/vc_row][vc_row css=\u00bb.vc_custom_1650962412796{padding-top: 100px !important;padding-bottom: 100px !important;background-color: #eeeeee !important;}\u00bb el_class=\u00bbsezione-batterie\u00bb][vc_column][vc_row_inner el_class=\u00bbcontainer-1600 gap-50&#8243;][vc_column_inner]<div class=\"porto-sicon-box  wpb_custom_a5736e55f1a3d1731ef597c8d022d611 style_1 top-icon text-left\"><div class=\"porto-sicon-header\"><h3 class=\"porto-sicon-title\" style=\"\">Bater\u00edas de larga duraci\u00f3n<\/h3><\/div> <!-- header --><div class=\"porto-sicon-description\" style=\"\">Las bicicletas el\u00e9ctricas est\u00e1n equipadas con las bater\u00edas de iones de litio m\u00e1s avanzadas, equipadas con celdas Samsung y BAK para garantizar una mayor calidad, seguridad y larga duraci\u00f3n gracias <strong>a numerosos ciclos de recarga: hasta 1.000 ciclos completos<\/strong>.<\/div> <!-- description --><\/div><!-- porto-sicon-box -->[\/vc_column_inner][\/vc_row_inner][vc_empty_space height=\u00bb50px\u00bb][vc_row_inner content_placement=\u00bbmiddle\u00bb el_class=\u00bbcontainer-1600 gap-50 reverse-rtl\u00bb][vc_column_inner width=\u00bb1\/3&#8243;][vc_single_image image=\u00bb5974&#8243; img_size=\u00bbfull\u00bb alignment=\u00bbcenter\u00bb][\/vc_column_inner][vc_column_inner width=\u00bb2\/3&#8243;]<div class=\"porto-sicon-box  wpb_custom_a5736e55f1a3d1731ef597c8d022d611 style_1 top-icon text-left\"><div class=\"porto-sicon-header\"><h3 class=\"porto-sicon-title\" style=\"\">Certificadas seg\u00fan la norma UN38.3<\/h3><\/div> <!-- header --><div class=\"porto-sicon-description\" style=\"\">Las bater\u00edas FIVE est\u00e1n certificadas seg\u00fan la norma UN38.3 en laboratorios italianos, donde se enfrentan a numerosas pruebas (altitudinales, t\u00e9rmicas, de vibraci\u00f3n, de impacto, de sobrecarga, etc..)..<br \/>\nPassing the tests UN38.3 is the mandatory requirement to market the batteries individually and apart from the e-bikes. Superar las pruebas UN38.3 es requisito obligatorio para poder comercializar las bater\u00edas de forma individual y separada de la e-bike. Por lo tanto, el cliente puede elegir bater\u00edas de diferentes capacidades, adecuadas a sus necesidades de viaje.<\/p>\n<p>Con la oferta Battery Relax, <strong>Italwin te ofrece descuentos rebajados durante 5 a\u00f1os para la recompra de la bater\u00eda durante todo su ciclo de vida* <\/strong>(v\u00e1lido para el mercado italiano). Lea las condiciones de extensi\u00f3n de garant\u00eda.<\/p>\n<p>* Los t\u00e9rminos y condiciones de la garant\u00eda var\u00edan seg\u00fan el pa\u00eds en el que se vendi\u00f3 el producto.<\/div> <!-- description --><\/div><!-- porto-sicon-box -->[\/vc_column_inner][\/vc_row_inner][vc_empty_space height=\u00bb50px\u00bb][vc_row_inner el_class=\u00bbcontainer-1600&#8243;][vc_column_inner]<div class=\"porto-sicon-box  wpb_custom_a5736e55f1a3d1731ef597c8d022d611 style_1 top-icon text-left\"><div class=\"porto-sicon-header\"><h3 class=\"porto-sicon-title\" style=\"\">Test \u2013 Norma UN38.3<\/h3><\/div> <!-- header --><div class=\"porto-sicon-description\" style=\"\">A modo de ejemplo, reportamos algunas pruebas de bater\u00eda exigidas por la Norma UN38.3, <strong>que garantizan los altos est\u00e1ndares de seguridad de las bater\u00edas Italwin<\/strong>:<\/div> <!-- description --><\/div><!-- porto-sicon-box -->[vc_empty_space]<div class=\"porto-toggles wpb_content_element  test-elenco\" data-view=\"one-toggle\">[vc_toggle title=\u00bb38.3.4.1 &#8211; Test 1: Test de altitud\u00bb]Simule el transporte a\u00e9reo con condiciones de baja presi\u00f3n. Las bater\u00edas se prueban durante al menos 6 horas en las siguientes condiciones: temperatura de 20 \u00b0 C + -5 \u00b0 C; presi\u00f3n de 0,116 bar o menos.[\/vc_toggle][vc_toggle title=\u00bb38.3.4.2 &#8211; Test 2: Test t\u00e9rmica\u00bb]Simula cambios de temperatura r\u00e1pidos y extremos para verificar la integridad de los circuitos el\u00e9ctricos, las conexiones y la propia bater\u00eda. Las bater\u00edas se prueban durante al menos 6 horas en las siguientes condiciones: temperatura de 75 \u00b0 C + -2 \u00b0 C y en un tiempo m\u00e1ximo de 30 min. la prueba se repite en condiciones de temperatura de -40\u00b0C + -2\u00b0C. La prueba se repite 10 veces.[\/vc_toggle][vc_toggle title=\u00bb38.3.4.3 &#8211; Test 3: Test de vibraci\u00f3n\u00bb]Simula diferentes tipos de vibraciones propias de un transporte. La bater\u00eda se somete a una vibraci\u00f3n que oscila entre 7 Hz y 200 Hz de forma continua durante 15 minutos. El ciclo se repite 12 veces por un total de 3 horas.[\/vc_toggle][vc_toggle title=\u00bb38.3.4.4 &#8211; Test 4: Test de choque\u00bb]Simula posibles golpes durante el transporte. La bater\u00eda se somete a una aceleraci\u00f3n de 150 g que dura 6 ms.[\/vc_toggle][vc_toggle title=\u00bb38.3.4.5 &#8211; Test 5: Test de cortocircuito externo\u00bb]Simula un cortocircuito provocado desde el exterior. La bater\u00eda, colocada en un ambiente a 55 \u00b0C, se somete a un cortocircuito con una resistencia m\u00e1xima de 1 ohm durante una hora. Despu\u00e9s de pasar la prueba, la bater\u00eda se mantiene en observaci\u00f3n durante 6 horas.[\/vc_toggle][vc_toggle title=\u00bb38.3.4.6 &#8211; Test 6: Test de impacto\u00bb]Simula la colisi\u00f3n con una determinada masa. La bater\u00eda se somete a impacto contra una barra de 15,8 mm de di\u00e1metro y 9,1 kg de peso que, colocada a una altura de 61 cm con respecto a ella, se deja caer en el centro del muestreo.[\/vc_toggle][vc_toggle title=\u00bb38.3.4.7 &#8211; Test 7: Test de sobrecarga\u00bb]Eval\u00fae c\u00f3mo reacciona la bater\u00eda a la sobrecarga. La bater\u00eda se carga el\u00e9ctricamente con un flujo de corriente que es el doble del m\u00e1ximo indicado por el fabricante.[\/vc_toggle]<\/div>[\/vc_column_inner][\/vc_row_inner][\/vc_column][\/vc_row][vc_row gap=\u00bb35&#8243; content_placement=\u00bbmiddle\u00bb css=\u00bb.vc_custom_1649839134351{padding-top: 70px !important;}\u00bb][vc_column][vc_row_inner content_placement=\u00bbmiddle\u00bb gap=\u00bb35&#8243; el_class=\u00bbcontainer-1600&#8243;][vc_column_inner]<div class=\"porto-u-heading  wpb_custom_95aa9a11c17ad45cfabaf210d84ee7cc porto-u-55ca8359258f9a412be7e73af65d2aac \"><div class=\"porto-u-main-heading\"><h1  >Motors<\/h1><\/div><style>.porto-u-55ca8359258f9a412be7e73af65d2aac.porto-u-heading{text-align:center}<\/style><\/div>[vc_column_text css=\u00bb.vc_custom_1664191656610{margin-bottom: 20px !important;}\u00bb]<\/p>\n<h4 style=\"text-align: center;\">Motores para todas las necesidades de movilidad el\u00e9ctrica<\/h4>\n<p style=\"text-align: center;\">Compactos y potentes, los motors FIVE proporcionan asistencia directa y progresiva a cualquier velocidad, con un empuje en\u00e9rgico de hasta 25 km\/h.<br \/>\nLa posici\u00f3n del motor var\u00eda seg\u00fan las necesidades del e-biker. La configuraci\u00f3n central est\u00e1 dise\u00f1ada para los pilotos m\u00e1s din\u00e1micos y permite una diversi\u00f3n extraordinaria en cualquier situaci\u00f3n. El motor trasero est\u00e1 dise\u00f1ado para brindar una experiencia de conducci\u00f3n relajada y segura a todos los ciclistas.<\/p>\n<p style=\"text-align: center;\"><strong>El motor central <\/strong>es adecuado para pistas m\u00e1s exigentes y fuera de pista: en concreto, los motores centrales F90 y F110 est\u00e1n desarrollados por FIVE para los pilotos m\u00e1s exigentes. Son motores reactivos al arrancar desde parado, y entregan potencia de forma brusca para poder afrontar todas las subidas, incluso las m\u00e1s dif\u00edciles, hasta un 30% de pendiente.<\/p>\n<p>[\/vc_column_text][\/vc_column_inner][\/vc_row_inner][\/vc_column][\/vc_row][vc_row gap=\u00bb35&#8243; content_placement=\u00bbmiddle\u00bb el_class=\u00bbsezione-motori\u00bb css=\u00bb.vc_custom_1658831445737{padding-top: 0px !important;padding-right: 0px !important;padding-bottom: 0px !important;padding-left: 0px !important;}\u00bb][vc_column css=\u00bb.vc_custom_1658831439762{padding-top: 0px !important;padding-right: 0px !important;padding-bottom: 0px !important;padding-left: 0px !important;}\u00bb][vc_row_inner gap=\u00bb35&#8243; el_class=\u00bbcontainer-1600&#8243;][vc_column_inner width=\u00bb1\/2&#8243;]<div class=\"porto-sicon-box  wpb_custom_a5736e55f1a3d1731ef597c8d022d611 style_1 top-icon text-left\"><div class=\"porto-sicon-header\"><h3 class=\"porto-sicon-title\" style=\"\">Motor central<\/h3><\/div> <!-- header --><div class=\"porto-sicon-description\" style=\"\">&#8211; Configuraci\u00f3n altamente tecnol\u00f3gica<br \/>\n&#8211; Ideal para bicis deporte y trekking<br \/>\n&#8211; Sensor de torque m\u00e1s receptivo para una entrega de energ\u00eda brillante en cada pista<\/div> <!-- description --><\/div><!-- porto-sicon-box -->[\/vc_column_inner][vc_column_inner width=\u00bb1\/2&#8243;]<div class=\"porto-sicon-box  wpb_custom_a5736e55f1a3d1731ef597c8d022d611 style_1 top-icon text-left\"><div class=\"porto-sicon-header\"><h3 class=\"porto-sicon-title\" style=\"\">Motor trasero<\/h3><\/div> <!-- header --><div class=\"porto-sicon-description\" style=\"\">&#8211; Motor integrado en el interior del buje de la rueda trasera<br \/>\n&#8211; Apto para rutas urbanas<br \/>\n&#8211; En combinaci\u00f3n con un sensor de velocidad da la sensaci\u00f3n de un pedaleo suave y sin esfuerzo<\/div> <!-- description --><\/div><!-- porto-sicon-box -->[\/vc_column_inner][\/vc_row_inner][\/vc_column][\/vc_row][vc_row gap=\u00bb35&#8243; content_placement=\u00bbmiddle\u00bb css=\u00bb.vc_custom_1649672152961{margin-top: 0px !important;margin-right: 0px !important;margin-bottom: 0px !important;margin-left: 0px !important;padding-top: 0px !important;padding-right: 0px !important;padding-bottom: 0px !important;padding-left: 0px !important;}\u00bb][vc_column][vc_row_inner content_placement=\u00bbmiddle\u00bb gap=\u00bb35&#8243; el_class=\u00bbcontainer-1600 max-width-1000&#8243; css=\u00bb.vc_custom_1649672089461{margin: 0px !important;padding: 0px !important;border: 0px initial !important;}\u00bb][vc_column_inner][vc_single_image image=\u00bb5870&#8243; img_size=\u00bbfull\u00bb alignment=\u00bbcenter\u00bb css=\u00bb.vc_custom_1649839648503{margin-top: 0px !important;margin-right: 0px !important;margin-bottom: 0px !important;margin-left: 0px !important;padding-top: 0px !important;padding-right: 0px !important;padding-bottom: 0px !important;padding-left: 0px !important;}\u00bb][\/vc_column_inner][\/vc_row_inner][\/vc_column][\/vc_row][vc_row gap=\u00bb35&#8243; content_placement=\u00bbmiddle\u00bb css=\u00bb.vc_custom_1649672164559{padding-top: 80px !important;padding-bottom: 40px !important;background-color: #eeeeee !important;}\u00bb el_class=\u00bbcaratteristiche-noleggio\u00bb][vc_column][vc_row_inner content_placement=\u00bbmiddle\u00bb gap=\u00bb35&#8243; el_class=\u00bbcontainer-1600 gap-50&#8243; css=\u00bb.vc_custom_1650532832096{margin-bottom: 50px !important;}\u00bb][vc_column_inner width=\u00bb2\/3&#8243;]<div class=\"porto-sicon-box  wpb_custom_a5736e55f1a3d1731ef597c8d022d611 style_1 top-icon text-left\"><div class=\"porto-sicon-header\"><h4 class=\"porto-sicon-title\" style=\"\">FIVE F110 motor central<\/h4><\/div> <!-- header --><div class=\"porto-sicon-description\" style=\"\">FIVE F110, el <strong>motor central dise\u00f1ado para trekking y monta\u00f1a<\/strong>. El aumento del par motor hace que la conducci\u00f3n sea m\u00e1s agresiva en rutas mixtas, incluidas subidas empinadas y secciones fuera de pista. Le permite hacer frente a pendientes de hasta un 30%.<\/div> <!-- description --><\/div><!-- porto-sicon-box -->[vc_empty_space]<div class=\"porto-sicon-box  wpb_custom_a5736e55f1a3d1731ef597c8d022d611 style_1 top-icon text-left\"><div class=\"porto-sicon-header\"><h3 class=\"porto-sicon-title\" style=\"\">M\u00e1s potencia en cada situaci\u00f3n<\/h3><\/div> <!-- header --><div class=\"porto-sicon-description\" style=\"\">Gracias al <strong>par de 110Nm<\/strong>, se obtiene un apoyo completo ya a bajas frecuencias de pedaleo, para un ritmo de marcha m\u00e1s potente.<\/div> <!-- description --><\/div><!-- porto-sicon-box -->[vc_empty_space]<div class=\"porto-sicon-box  wpb_custom_a5736e55f1a3d1731ef597c8d022d611 style_1 top-icon text-left\"><div class=\"porto-sicon-header\"><h3 class=\"porto-sicon-title\" style=\"\">Tecnolog\u00eda multinivel<\/h3><\/div> <!-- header --><div class=\"porto-sicon-description\" style=\"\">Los <strong>5 niveles de asistencia<\/strong>, seleccionables desde la pantalla, ofrecen un apoyo din\u00e1mico y deportivo a los amantes del trekking y el senderismo de monta\u00f1a.<\/div> <!-- description --><\/div><!-- porto-sicon-box -->[\/vc_column_inner][vc_column_inner width=\u00bb1\/3&#8243;][vc_single_image image=\u00bb5972&#8243; img_size=\u00bbfull\u00bb alignment=\u00bbcenter\u00bb][\/vc_column_inner][\/vc_row_inner][vc_empty_space][vc_row_inner content_placement=\u00bbmiddle\u00bb gap=\u00bb35&#8243; el_class=\u00bbcontainer-1600 gap-50 reverse-rtl\u00bb css=\u00bb.vc_custom_1650962695609{margin-bottom: 50px !important;}\u00bb][vc_column_inner width=\u00bb1\/3&#8243;][vc_single_image image=\u00bb5971&#8243; img_size=\u00bbfull\u00bb alignment=\u00bbcenter\u00bb][\/vc_column_inner][vc_column_inner width=\u00bb2\/3&#8243;]<div class=\"porto-sicon-box  wpb_custom_a5736e55f1a3d1731ef597c8d022d611 style_1 top-icon text-left\"><div class=\"porto-sicon-header\"><h4 class=\"porto-sicon-title\" style=\"\">FIVE F90 motor central<\/h4><\/div> <!-- header --><div class=\"porto-sicon-description\" style=\"\">El motor central F90 de 48V, ideal para la ciudad y para viajes fuera de la ciudad. Le permite hacer frente a pendientes de hasta un 30%.<\/div> <!-- description --><\/div><!-- porto-sicon-box -->[vc_empty_space]<div class=\"porto-sicon-box  wpb_custom_a5736e55f1a3d1731ef597c8d022d611 style_1 top-icon text-left\"><div class=\"porto-sicon-header\"><h3 class=\"porto-sicon-title\" style=\"\">Tracci\u00f3n inteligente<\/h3><\/div> <!-- header --><div class=\"porto-sicon-description\" style=\"\">El <strong>par de 90Nm<\/strong> proporciona un apoyo de pedaleo armonioso. El sensor mide la fuerza, la frecuencia y la velocidad, para una interacci\u00f3n natural entre el ciclista y la bicicleta el\u00e9ctrica.<\/div> <!-- description --><\/div><!-- porto-sicon-box -->[vc_empty_space]<div class=\"porto-sicon-box  wpb_custom_a5736e55f1a3d1731ef597c8d022d611 style_1 top-icon text-left\"><div class=\"porto-sicon-header\"><h3 class=\"porto-sicon-title\" style=\"\">Para la ciudad y el ocio<\/h3><\/div> <!-- header --><div class=\"porto-sicon-description\" style=\"\">Practicidad y rapidez de respuesta en cada ocasi\u00f3n con los <strong>5 niveles de asistencia<\/strong>, perfectos para quien quiere divertirse, pedaleando en la ciudad y en su tiempo libre.<\/div> <!-- description --><\/div><!-- porto-sicon-box -->[\/vc_column_inner][\/vc_row_inner][\/vc_column][\/vc_row][vc_row css=\u00bb.vc_custom_1649342764900{margin-top: 0px !important;margin-right: 0px !important;margin-bottom: 0px !important;margin-left: 0px !important;padding-top: 0px !important;padding-right: 0px !important;padding-bottom: 0px !important;padding-left: 0px !important;}\u00bb el_class=\u00bbbox-test-ride\u00bb][vc_column][vc_widget_sidebar sidebar_id=\u00bbsecondary-sidebar\u00bb][\/vc_column][\/vc_row]<\/p>\n<\/div>","protected":false},"excerpt":{"rendered":"<p>[vc_row full_width=\u00bbstretch_row\u00bb css=\u00bb.vc_custom_1653914499917{padding-top: 900px !important;padding-bottom: 20px !important;background-image: url(https:\/\/www.italwin.it\/wp-content\/uploads\/2022\/05\/header-batterie.jpg?id=6220) !important;background-position: center !important;background-repeat: no-repeat !important;background-size: cover !important;}\u00bb el_class=\u00bbheader-pagina onda-bottom\u00bb][vc_column][\/vc_column][\/vc_row][vc_row gap=\u00bb35&#8243; content_placement=\u00bbmiddle\u00bb][vc_column][vc_row_inner content_placement=\u00bbmiddle\u00bb gap=\u00bb35&#8243; el_class=\u00bbcontainer-1600 max-width-1000&#8243;][vc_column_inner][vc_column_text css=\u00bb.vc_custom_1664191101360{margin-bottom: 20px !important;}\u00bb] Est\u00e1ndares de alta calidad Las bater\u00edas de las bicicletas el\u00e9ctricas Italwin han sido elegidas con mucho cuidado, despu\u00e9s de seleccionar los mejores proveedores italianos del mercado, para ofrecer solo [&hellip;]<\/p>\n","protected":false},"author":1,"featured_media":0,"parent":0,"menu_order":0,"comment_status":"closed","ping_status":"closed","template":"","meta":{"inline_featured_image":false,"footnotes":""},"class_list":["post-40207","page","type-page","status-publish","hentry"],"_links":{"self":[{"href":"https:\/\/www.italwin.it\/es\/wp-json\/wp\/v2\/pages\/40207","targetHints":{"allow":["GET"]}}],"collection":[{"href":"https:\/\/www.italwin.it\/es\/wp-json\/wp\/v2\/pages"}],"about":[{"href":"https:\/\/www.italwin.it\/es\/wp-json\/wp\/v2\/types\/page"}],"author":[{"embeddable":true,"href":"https:\/\/www.italwin.it\/es\/wp-json\/wp\/v2\/users\/1"}],"replies":[{"embeddable":true,"href":"https:\/\/www.italwin.it\/es\/wp-json\/wp\/v2\/comments?post=40207"}],"version-history":[{"count":9,"href":"https:\/\/www.italwin.it\/es\/wp-json\/wp\/v2\/pages\/40207\/revisions"}],"predecessor-version":[{"id":40653,"href":"https:\/\/www.italwin.it\/es\/wp-json\/wp\/v2\/pages\/40207\/revisions\/40653"}],"wp:attachment":[{"href":"https:\/\/www.italwin.it\/es\/wp-json\/wp\/v2\/media?parent=40207"}],"curies":[{"name":"wp","href":"https:\/\/api.w.org\/{rel}","templated":true}]}}