{"id":40279,"date":"2022-04-08T10:28:04","date_gmt":"2022-04-08T10:28:04","guid":{"rendered":"https:\/\/www.italwin.it\/history\/"},"modified":"2022-09-26T12:08:28","modified_gmt":"2022-09-26T12:08:28","slug":"historia","status":"publish","type":"page","link":"https:\/\/www.italwin.it\/es\/historia\/","title":{"rendered":"Historia"},"content":{"rendered":"<div class=\"wpb-content-wrapper\"><p>[vc_row full_width=\u00bbstretch_row\u00bb css=\u00bb.vc_custom_1653913897514{padding-top: 900px !important;padding-bottom: 20px !important;background-image: url(https:\/\/www.italwin.it\/wp-content\/uploads\/2022\/05\/header-storia.jpg?id=6216) !important;background-position: center !important;background-repeat: no-repeat !important;background-size: cover !important;}\u00bb el_class=\u00bbheader-pagina onda-bottom\u00bb][vc_column][\/vc_column][\/vc_row][vc_row gap=\u00bb35&#8243; content_placement=\u00bbmiddle\u00bb css=\u00bb.vc_custom_1647512773676{padding-bottom: 40px !important;}\u00bb][vc_column][vc_row_inner content_placement=\u00bbmiddle\u00bb gap=\u00bb35&#8243; el_class=\u00bbcontainer-1600 gap-50&#8243;][vc_column_inner]<div class=\"porto-u-heading  wpb_custom_95aa9a11c17ad45cfabaf210d84ee7cc porto-u-55ca8359258f9a412be7e73af65d2aac \"><div class=\"porto-u-main-heading\"><h1  >Historias de \u00e9xito<\/h1><\/div><style>.porto-u-55ca8359258f9a412be7e73af65d2aac.porto-u-heading{text-align:center}<\/style><\/div>[vc_column_text]<\/p>\n<h5 style=\"text-align: center;\">En esta p\u00e1gina hemos decidido compartir algunos de nuestros casos de \u00e9xito<\/h5>\n<p style=\"text-align: center;\">Como evidencia del valor agregado reconocido a la marca Italwin, cada vez que ha sido elegida o ha hecho hablar de ella.<\/p>\n<p>[\/vc_column_text][\/vc_column_inner][\/vc_row_inner][\/vc_column][\/vc_row][vc_row css=\u00bb.vc_custom_1649414942150{padding-top: 150px !important;padding-bottom: 50px !important;background-color: #f6f6f6 !important;}\u00bb el_class=\u00bbsezione-storia grigio\u00bb][vc_column][vc_column_text el_class=\u00bbanno-storia\u00bb]2021[\/vc_column_text][vc_row_inner content_placement=\u00bbmiddle\u00bb gap=\u00bb35&#8243; el_class=\u00bbcontainer-1600&#8243; css=\u00bb.vc_custom_1649421679159{padding-top: 100px !important;padding-bottom: 100px !important;}\u00bb][vc_column_inner width=\u00bb2\/3&#8243;][vc_column_text]<\/p>\n<h4>10.000 bater\u00edas producidas en tres a\u00f1os<\/h4>\n<p>En julio 2021, <strong><a href=\"https:\/\/www.fivebikes.it\/en\/\" target=\"_blank\" rel=\"noopener\">FIVE<\/a><\/strong> alcanz\u00f3 un hito importante, <strong>10.000 paquetes de bater\u00edas producidas<\/strong>, solo 2 a\u00f1os despu\u00e9s de la inauguraci\u00f3n de la planta de producci\u00f3n interna.[\/vc_column_text][vc_empty_space][vc_column_text]En 2021, la e-bike <strong>TRAIL ULTRA<\/strong> se convirti\u00f3 en uno de los veh\u00edculos a disposici\u00f3n del Benem\u00e9rito.<br \/>\nUna elecci\u00f3n que sigue una l\u00f3gica de <strong>proximidad al ciudadano<\/strong> en la vigilancia de parques y zonas verdes. TRAIL ULTRA puede, de hecho, viajar a lo largo de caminos sin pavimentar con <strong>facilidad y estabilidad<\/strong>.<br \/>\nLa personalizaci\u00f3n se realiz\u00f3 con los colores azul oscuro con franjas rojas y las pegatinas con los escritos de Carabinieri.[\/vc_column_text][\/vc_column_inner][vc_column_inner width=\u00bb1\/3&#8243;][vc_single_image image=\u00bb5558&#8243; img_size=\u00bbfull\u00bb alignment=\u00bbcenter\u00bb][\/vc_column_inner][\/vc_row_inner][vc_row_inner rtl_reverse=\u00bbyes\u00bb content_placement=\u00bbmiddle\u00bb gap=\u00bb35&#8243; el_class=\u00bbcontainer-1600 reverse-rtl\u00bb css=\u00bb.vc_custom_1650961603741{padding-top: 100px !important;padding-bottom: 100px !important;}\u00bb][vc_column_inner width=\u00bb1\/3&#8243;][vc_single_image image=\u00bb5521&#8243; img_size=\u00bbfull\u00bb alignment=\u00bbcenter\u00bb][\/vc_column_inner][vc_column_inner width=\u00bb2\/3&#8243;][vc_column_text]<\/p>\n<h4>Trail Ultra es una de las e-bikes elegidas para el servicio de alquiler CYCL-e around de Pirelli<\/h4>\n<p><strong>Pirelli<\/strong> tambi\u00e9n elige el e-trek TRAIL ULTRA como parte del innovador servicio de alquiler <strong>B2B CYCL-e around<\/strong>. Lanzado a principios de 2021, el proyecto est\u00e1 dedicado a las empresas que optan por poner a disposici\u00f3n de sus empleados una <strong>flota de bicicletas el\u00e9ctricas<\/strong> para los desplazamientos diarios y el ocio. Las bicicletas el\u00e9ctricas TRAIL ULTRA entregadas se fabrican todas en la f\u00e1brica <a href=\"https:\/\/www.fivebikes.it\/en\/\" target=\"_blank\" rel=\"noopener\">FIVE<\/a> en Bolonia.[\/vc_column_text][vc_empty_space][vc_column_text]<\/p>\n<h4>Cruz Roja lleva ayuda a las personas afectadas por la pandemia con Nuvola Lite<\/h4>\n<p>ITALWIN siempre ha estado atenta a las <strong>iniciativas de movilidad ecol\u00f3gica<\/strong> con una funci\u00f3n \u00fatil para el ciudadano. A principios de 2021, firm\u00f3 un acuerdo para el suministro de la bicicleta el\u00e9ctrica <strong>NUVOLA LITE a la Cruz Roja Italiana<\/strong>. A trav\u00e9s del proyecto \u201cLa hora de la bondad\u201d, Cruz Roja entrega art\u00edculos de primera necesidad, medicinas y v\u00edveres al hogar de los adultos mayores y de quienes no pueden moverse; con NUVOLA LITE, los voluntarios pueden llegar a ellos de forma generalizada y <strong>sostenible<\/strong>.[\/vc_column_text][\/vc_column_inner][\/vc_row_inner][\/vc_column][\/vc_row][vc_row css=\u00bb.vc_custom_1649414623559{padding-top: 150px !important;padding-bottom: 50px !important;}\u00bb el_class=\u00bbsezione-storia bianco\u00bb][vc_column][vc_column_text el_class=\u00bbanno-storia\u00bb]2020[\/vc_column_text][vc_row_inner content_placement=\u00bbmiddle\u00bb gap=\u00bb35&#8243; el_class=\u00bbcontainer-1600&#8243; css=\u00bb.vc_custom_1649413935600{padding-top: 100px !important;padding-bottom: 100px !important;}\u00bb][vc_column_inner][vc_column_text]<\/p>\n<h4>Los puntos de venta de ITALWIN alcanzan las 200 unidades<\/h4>\n<p>ITALWIN ha seleccionado a lo largo del tiempo una red de distribuidores especializados, ampliamente distribuidos en Italia y Europa: m\u00e1s de 200 tiendas altamente competentes capaces de garantizar un servicio calificado en la gu\u00eda de compra y una asistencia postventa impecable. Los distribuidores est\u00e1n constantemente capacitados sobre las caracter\u00edsticas de los modelos, para ofrecer calidad y competencia.<\/p>\n<p>El distribuidor de ITALWIN asesora sobre la elecci\u00f3n de la e-bike que mejor se adapta a las necesidades de viaje del cliente, da valiosos consejos sobre c\u00f3mo montar y cuidar la e-bike, ofrece un servicio profesional de pruebas y carreteras. De esta manera todos pueden disfrutar de su bicicleta el\u00e9ctrica ITALWIN durante mucho tiempo.[\/vc_column_text][\/vc_column_inner][\/vc_row_inner][\/vc_column][\/vc_row][vc_row css=\u00bb.vc_custom_1649414942150{padding-top: 150px !important;padding-bottom: 50px !important;background-color: #f6f6f6 !important;}\u00bb el_class=\u00bbsezione-storia grigio\u00bb][vc_column][vc_column_text el_class=\u00bbanno-storia\u00bb]2019[\/vc_column_text][vc_row_inner content_placement=\u00bbmiddle\u00bb gap=\u00bb35&#8243; el_class=\u00bbcontainer-1600&#8243; css=\u00bb.vc_custom_1649413935600{padding-top: 100px !important;padding-bottom: 100px !important;}\u00bb][vc_column_inner width=\u00bb2\/3&#8243;][vc_column_text]<\/p>\n<h4>Un salto tecnol\u00f3gico con la nueva Pearl<\/h4>\n<p>PEARL, la e-bike que vio la luz en 2019, destinada a la elegancia y llena de tecnolog\u00eda. PEARL adopt\u00f3 plenamente la filosof\u00eda ITALWIN, con un aspecto irresistiblemente elegante, adecuado para conducir en la ciudad y en las llanuras. Se caracteriz\u00f3 por soluciones tecnol\u00f3gicas de vanguardia, como el motor central FIVE F90 de nueva generaci\u00f3n, extremadamente silencioso, la unidad de control multifunci\u00f3n con pantalla LCD de 3,5&#8243; y los frenos de disco hidr\u00e1ulicos.[\/vc_column_text][\/vc_column_inner][vc_column_inner width=\u00bb1\/3&#8243;][vc_single_image image=\u00bb5525&#8243; img_size=\u00bbfull\u00bb alignment=\u00bbcenter\u00bb][\/vc_column_inner][\/vc_row_inner][\/vc_column][\/vc_row][vc_row css=\u00bb.vc_custom_1649414623559{padding-top: 150px !important;padding-bottom: 50px !important;}\u00bb el_class=\u00bbsezione-storia bianco\u00bb][vc_column][vc_column_text el_class=\u00bbanno-storia\u00bb]2018[\/vc_column_text][vc_row_inner rtl_reverse=\u00bbyes\u00bb content_placement=\u00bbmiddle\u00bb gap=\u00bb35&#8243; el_class=\u00bbcontainer-1600 reverse-rtl\u00bb css=\u00bb.vc_custom_1650961610546{padding-top: 100px !important;padding-bottom: 100px !important;}\u00bb][vc_column_inner width=\u00bb1\/3&#8243;][vc_single_image image=\u00bb3560&#8243; img_size=\u00bbfull\u00bb alignment=\u00bbcenter\u00bb][\/vc_column_inner][vc_column_inner width=\u00bb2\/3&#8243;][vc_column_text]<\/p>\n<h4>Inauguraci\u00f3n de la sede de FIVE en Bolonia para producci\u00f3n en l\u00ednea.<\/h4>\n<p><strong>La sede FIVE nace <\/strong>de la uni\u00f3n de tecnolog\u00eda integrada y un sistema productivo sustentable; una excelencia en el campo industrial porque <strong>es un edificio que no necesita otras fuentes de energ\u00eda que la que \u00e9l mismo produce a trav\u00e9s de un sistema doble fotovoltaico<\/strong>. Nacida con la intenci\u00f3n de trasladar la producci\u00f3n de bicicletas el\u00e9ctricas de China a Italia, la f\u00e1brica FIVE representa el primer proyecto <strong>capaz de combinar eficiencia energ\u00e9tica, producci\u00f3n industrial y sostenibilidad ambiental <\/strong>seg\u00fan los principios de la l\u00f3gica ZEB (Zero Energy Building).<\/p>\n<p>La sede de FIVE est\u00e1 ubicada en el <strong>coraz\u00f3n industrial<\/strong> de Bolonia, ocupa un total de 7.000 metros cuadrados (repartidos entre edificios de f\u00e1brica, laboratorios, oficinas y almacenes), con una zona verde de unos 700 metros cuadrados. El almac\u00e9n autom\u00e1tico est\u00e1 compuesto por 860 puestos de trabajo donde se pueden estibar <strong>3.200 veh\u00edculos<\/strong>.<br \/>\nLa l\u00ednea de montaje con <strong>20 estaciones m\u00f3viles<\/strong>, en l\u00ednea o en isla, el almacenamiento de los componentes de los cuadros en bruto y el sistema de pintura se integran en un \u00fanico sistema rotativo que permite montar las bicicletas en el mismo circuito que lleva el cuadro a los <strong>hornos de pintura<\/strong>.<br \/>\nLa planta industrial se completa con las \u00e1reas dedicadas a la producci\u00f3n de <strong>bater\u00edas<\/strong> y laboratorios, donde los investigadores de FIVE realizan sus actividades de ensayo y desarrollo de los componentes de vanguardia aplicados a las e-bikes.[\/vc_column_text][\/vc_column_inner][\/vc_row_inner][\/vc_column][\/vc_row][vc_row css=\u00bb.vc_custom_1649414942150{padding-top: 150px !important;padding-bottom: 50px !important;background-color: #f6f6f6 !important;}\u00bb el_class=\u00bbsezione-storia grigio\u00bb][vc_column][vc_column_text el_class=\u00bbanno-storia\u00bb]2017[\/vc_column_text][vc_row_inner content_placement=\u00bbmiddle\u00bb gap=\u00bb35&#8243; el_class=\u00bbcontainer-1600&#8243; css=\u00bb.vc_custom_1649413935600{padding-top: 100px !important;padding-bottom: 100px !important;}\u00bb][vc_column_inner][vc_column_text]<\/p>\n<h4>Lanzamiento del innovador modelo Trail Advanced<\/h4>\n<p><strong>Trail Advanced fue la primera touring <\/strong>con cualidades deportivas gracias a su excelente agarre ya la ligereza que le otorgaba el cuadro de aluminio. Una bicicleta el\u00e9ctrica apreciada por su capacidad para desempe\u00f1ar tanto el papel de un veh\u00edculo todoterreno ocupado como el de uno urbano despreocupado. Trail Advanced ha interpretado bien la necesidad de comodidad y seguridad gracias a los accesorios \u00abcity\u00bb: pata de cabra, portabultos trasero, guardabarros. Su punto fuerte era <strong>el motor central FIVE F90 integrado en el cuadro <\/strong>que permite alcanzar los 90Nm de par y la s\u00faper bater\u00eda de 500WH.[\/vc_column_text][\/vc_column_inner][\/vc_row_inner][\/vc_column][\/vc_row][vc_row css=\u00bb.vc_custom_1649414623559{padding-top: 150px !important;padding-bottom: 50px !important;}\u00bb el_class=\u00bbsezione-storia bianco\u00bb][vc_column][vc_column_text el_class=\u00bbanno-storia\u00bb]2016[\/vc_column_text][vc_row_inner rtl_reverse=\u00bbyes\u00bb content_placement=\u00bbmiddle\u00bb gap=\u00bb35&#8243; el_class=\u00bbcontainer-1600 reverse-rtl\u00bb css=\u00bb.vc_custom_1650961616160{padding-top: 100px !important;padding-bottom: 100px !important;}\u00bb][vc_column_inner width=\u00bb1\/4&#8243;][vc_single_image image=\u00bb5527&#8243; img_size=\u00bb\u00bb alignment=\u00bbcenter\u00bb][\/vc_column_inner][vc_column_inner width=\u00bb3\/4&#8243;][vc_column_text]<\/p>\n<h4>La marca Italwin pasa a formar parte del <a href=\"http:\/\/www.fivebikes.it\" target=\"_blank\" rel=\"noopener\">Grupo FIVE<\/a><\/h4>\n<p>En 2016 la marca ITALWIN pasa a formar parte del Grupo FIVE. Un paso importante hacia la integraci\u00f3n de la producci\u00f3n Made in Italy en su planta productiva de Bolonia.<\/p>\n<p>El dise\u00f1o de los modelos contin\u00faa su evoluci\u00f3n estil\u00edstica y tecnol\u00f3gica, con el uso de soluciones que buscan la belleza atemporal; Bicicletas el\u00e9ctricas hechas con la creencia de que la excelencia resiste la prueba del tiempo, una ambici\u00f3n continua que establece un per\u00edmetro para la imaginaci\u00f3n de los entusiastas. <strong>El estilo de dise\u00f1o italiano combina belleza y sostenibilidad <\/strong>para ser una fuente de inspiraci\u00f3n para las generaciones futuras.[\/vc_column_text][\/vc_column_inner][\/vc_row_inner][\/vc_column][\/vc_row][vc_row css=\u00bb.vc_custom_1649414942150{padding-top: 150px !important;padding-bottom: 50px !important;background-color: #f6f6f6 !important;}\u00bb el_class=\u00bbsezione-storia grigio\u00bb][vc_column][vc_column_text el_class=\u00bbanno-storia\u00bb]2015[\/vc_column_text][vc_row_inner content_placement=\u00bbmiddle\u00bb gap=\u00bb35&#8243; el_class=\u00bbcontainer-1600&#8243; css=\u00bb.vc_custom_1649413935600{padding-top: 100px !important;padding-bottom: 100px !important;}\u00bb][vc_column_inner width=\u00bb2\/3&#8243;][vc_column_text]<\/p>\n<h4>Una e-bike entre las galletas de Mulino Bianco (Barilla)<\/h4>\n<p>Las bicicletas el\u00e9ctricas <strong>ITALWIN, modelo Nuvola, fueron elegidas por Barilla como primer premio del concurso \u201cCerca Rosita\u201d en el envasado de galletas Mulino Bianco<\/strong>.<br \/>\nUna tarjeta ganadora dentro de los paquetes de Macine, Tarallucci y Galletti comunicaba al consumidor la ganancia de una bicicleta el\u00e9ctrica Nuvola, 30 en total.<br \/>\n<strong>Una importante oportunidad de visibilidad para ITALWIN que est\u00e1 vinculada a Barilla<\/strong>, la marca hist\u00f3rica de alimentaci\u00f3n italiana, con campa\u00f1as de al menos tres meses en medios tradicionales y digitales.[\/vc_column_text][\/vc_column_inner][vc_column_inner width=\u00bb1\/3&#8243;][vc_single_image image=\u00bb5533&#8243; img_size=\u00bbfull\u00bb alignment=\u00bbcenter\u00bb][\/vc_column_inner][\/vc_row_inner][\/vc_column][\/vc_row][vc_row css=\u00bb.vc_custom_1649414623559{padding-top: 150px !important;padding-bottom: 50px !important;}\u00bb el_class=\u00bbsezione-storia bianco\u00bb][vc_column][vc_column_text el_class=\u00bbanno-storia\u00bb]2014[\/vc_column_text][vc_row_inner content_placement=\u00bbmiddle\u00bb gap=\u00bb35&#8243; el_class=\u00bbcontainer-1600&#8243; css=\u00bb.vc_custom_1649413935600{padding-top: 100px !important;padding-bottom: 100px !important;}\u00bb][vc_column_inner][vc_column_text]<\/p>\n<h4><strong>ITALWIN en Unomattina<\/strong><\/h4>\n<p>ITALWIN participa en la retransmisi\u00f3n matutina de RAI1 como testigo acreditado para ilustrar el mundo de la movilidad el\u00e9ctrica durante un servicio dedicado a las bicicletas asistidas por pedales.<\/p>\n<h4><strong><br \/>\nITALWIN recibe el prestigioso Premio Design Made in Padua<\/strong><\/h4>\n<p>El gran reconocimiento promovido por el mundo industrial paduano fue para ITALWIN a las empresas paduanas que se destacan en el mundo por su grado de innovaci\u00f3n. De hecho, el Premio de Dise\u00f1o Made in Padua certifica la estima por el trabajo realizado en Italia y en el extranjero.<\/p>\n<h4><strong>NABA \u2013 Nuova Accademia di Belle Arti Milano \u2013 colabora con ITAWIN<\/strong><\/h4>\n<p>Los estudiantes de primer a\u00f1o del ciclo de especializaci\u00f3n en Dise\u00f1o de dos a\u00f1os, asistidos por el arquitecto y dise\u00f1ador de renombre internacional Stefano Giovannoni y el dise\u00f1ador industrial Valerio Sommella, trabajaron en nuevos conceptos sobre movilidad urbana.[\/vc_column_text][\/vc_column_inner][\/vc_row_inner][\/vc_column][\/vc_row][vc_row css=\u00bb.vc_custom_1649414942150{padding-top: 150px !important;padding-bottom: 50px !important;background-color: #f6f6f6 !important;}\u00bb el_class=\u00bbsezione-storia grigio\u00bb][vc_column][vc_column_text el_class=\u00bbanno-storia\u00bb]2011[\/vc_column_text][vc_row_inner content_placement=\u00bbmiddle\u00bb gap=\u00bb35&#8243; el_class=\u00bbcontainer-1600&#8243; css=\u00bb.vc_custom_1649413935600{padding-top: 100px !important;padding-bottom: 100px !important;}\u00bb][vc_column_inner][vc_column_text]<\/p>\n<h4><strong>ITALWIN en el libro \u00ab150% italianos\u00bb<\/strong><\/h4>\n<p>Una monograf\u00eda patrocinada por el Ministerio de Asuntos Exteriores que recoge lo mejor del Made in Italy: ITALWIN se cuenta entre las cien empresas italianas reportadas por mejores ideas de productos y casos de \u00e9xito.<\/p>\n<h4><strong>Easy Driver en la bicicleta el\u00e9ctrica K2<\/strong><\/h4>\n<p>Por primera vez, Easy Driver, el programa dedicado al mundo del motor emitido cada semana en Rai Uno, dedic\u00f3 un servicio completo a una bicicleta el\u00e9ctrica: el folleto plegable ITALWIN K2 tomado en las calles del centro de R\u00e1vena, cubriendo tambi\u00e9n \u00e1reas de tr\u00e1fico limitado.<\/p>\n<h4><strong>Bicicletas el\u00e9ctricas ITALWIN reportadas por Bicitech<\/strong><\/h4>\n<p>La prestigiosa revista especializada Bicitech otorg\u00f3 un premio especial a ITALWIN, con motivo de la feria EXPOBICI de Padua, destac\u00e1ndola por el alto nivel de innovaci\u00f3n tecnol\u00f3gica.[\/vc_column_text][\/vc_column_inner][\/vc_row_inner][\/vc_column][\/vc_row][vc_row css=\u00bb.vc_custom_1649414623559{padding-top: 150px !important;padding-bottom: 50px !important;}\u00bb el_class=\u00bbsezione-storia bianco\u00bb][vc_column][vc_column_text el_class=\u00bbanno-storia\u00bb]2010[\/vc_column_text][vc_row_inner content_placement=\u00bbmiddle\u00bb gap=\u00bb35&#8243; el_class=\u00bbcontainer-1600&#8243; css=\u00bb.vc_custom_1649413935600{padding-top: 100px !important;padding-bottom: 100px !important;}\u00bb][vc_column_inner][vc_column_text]<\/p>\n<h4><strong>ITALWIN gana el Trofeo Tortuga Legambiente<\/strong><\/h4>\n<p>Una carrera de demostraci\u00f3n de 6 km celebrada en Vicenza para determinar cu\u00e1l es la forma m\u00e1s r\u00e1pida y ecosostenible entre bicicleta, bicicleta el\u00e9ctrica, ciclomotor, autom\u00f3vil, autob\u00fas y peat\u00f3n. En la importante iniciativa de Legambiente, viajando por Italia, la bicicleta el\u00e9ctrica ITALWIN gan\u00f3 el mejor tiempo.<\/p>\n<h4><strong>Las bicicletas el\u00e9ctricas ITALWIN iluminan el \u00e1rbol de Navidad de Vicenza<\/strong><\/h4>\n<p>Durante todo el mes de diciembre, el \u00e1rbol de Navidad de Vicenza estuvo conectado a 3 bicicletas el\u00e9ctricas ITALWIN. Cada ciudadano, mientras pedaleaba, encendi\u00f3 la gran estrella del tradicional \u00e1rbol de Navidad en la Piazza dei Signori. Una iniciativa ecol\u00f3gica y original apreciada por todos.[\/vc_column_text][\/vc_column_inner][\/vc_row_inner][\/vc_column][\/vc_row][vc_row css=\u00bb.vc_custom_1649414942150{padding-top: 150px !important;padding-bottom: 50px !important;background-color: #f6f6f6 !important;}\u00bb el_class=\u00bbsezione-storia grigio\u00bb][vc_column][vc_column_text el_class=\u00bbanno-storia\u00bb]2009[\/vc_column_text][vc_row_inner content_placement=\u00bbmiddle\u00bb gap=\u00bb35&#8243; el_class=\u00bbcontainer-1600&#8243; css=\u00bb.vc_custom_1649413935600{padding-top: 100px !important;padding-bottom: 100px !important;}\u00bb][vc_column_inner width=\u00bb2\/3&#8243;][vc_column_text]<\/p>\n<h4><strong>ITALWIN se asocia a la investigaci\u00f3n cient\u00edfica con el Premio Bepi Colombo<\/strong><\/h4>\n<p>ITALWIN, siempre cerca del campo de la investigaci\u00f3n, apoy\u00f3 el Premio Bepi Colombo, un premio internacional establecido en memoria del conocido cient\u00edfico paduano, para rendir homenaje a la excelencia de las empresas italianas en el campo de la investigaci\u00f3n y el desarrollo.<\/p>\n<h4><strong>Inicio de la colaboraci\u00f3n con Ducati, estreno mundial en EICMA<\/strong><\/h4>\n<p>Por primera vez, una bicicleta el\u00e9ctrica se acerca al mundo deportivo de las motos de competici\u00f3n.<br \/>\nDucati City Pearl y Ducati Cucciolo by ITALWIN, son las bicicletas el\u00e9ctricas que dan el pistoletazo de salida a la fruct\u00edfera colaboraci\u00f3n entre dos marcas. Hoy como entonces, dos empresas italianas, respectivamente l\u00edderes en su sector, unen sus fuerzas para revolucionar las costumbres e innovar la movilidad urbana. De hecho, gracias al acuerdo de licencia de tres a\u00f1os entre Ducati Motor Holding e Italwin Group, Cucciolo est\u00e1 de vuelta.<\/p>\n<h4><strong>ITALWIN colabora con la IAAD<\/strong><\/h4>\n<p>Durante todo un semestre, una clase de estudiantes del Instituto de Artes Aplicadas y Dise\u00f1o (IAAD) de Tur\u00edn trabaja en estrecha colaboraci\u00f3n con los directores de ITALWIN para inventar y desarrollar nuevas soluciones de dise\u00f1o aplicables a las bicicletas el\u00e9ctricas.[\/vc_column_text][\/vc_column_inner][vc_column_inner width=\u00bb1\/3&#8243;][vc_single_image image=\u00bb5548&#8243; img_size=\u00bb250&#215;266&#8243; alignment=\u00bbcenter\u00bb][\/vc_column_inner][\/vc_row_inner][\/vc_column][\/vc_row][vc_row css=\u00bb.vc_custom_1649414623559{padding-top: 150px !important;padding-bottom: 50px !important;}\u00bb el_class=\u00bbsezione-storia bianco\u00bb][vc_column][vc_column_text el_class=\u00bbanno-storia\u00bb]2008[\/vc_column_text][vc_row_inner content_placement=\u00bbmiddle\u00bb gap=\u00bb35&#8243; el_class=\u00bbcontainer-1600&#8243; css=\u00bb.vc_custom_1649413935600{padding-top: 100px !important;padding-bottom: 100px !important;}\u00bb][vc_column_inner][vc_column_text]<\/p>\n<h4><strong>Directivos de Edison premiados con Italwin<\/strong><\/h4>\n<p>La empresa activa en el suministro de electricidad y gas quer\u00eda 12 bicicletas ITALWIN para premiar a los directivos de su plantilla que destacaron por su creatividad y capacidad emprendedora.<br \/>\nTodas las bicicletas el\u00e9ctricas se han personalizado con los colores y logotipos de la empresa Edison.<\/p>\n<h4><strong>Italwin junto a la ultramaratoniana Paola Sanna<\/strong><\/h4>\n<p>ITALWIN patrocin\u00f3 el entrenamiento de la ultramaratonista Paola Sanna (100 km), quien compiti\u00f3 en competencias internacionales. El entrenamiento diario de la atleta (40 km diarios) exig\u00eda que su entrenador la siguiera paso a paso. El uso de una bicicleta el\u00e9ctrica ITALWIN fue la soluci\u00f3n ideal para seguir al corredor de marat\u00f3n sin perturbar su concentraci\u00f3n y sin gases de escape\/emisiones nocivas que pudieran comprometer la salud de sus v\u00edas respiratorias.<\/p>\n<h4><strong>En el G8 con la publicaci\u00f3n impulsada por el Ministerio de Medio Ambiente<\/strong><\/h4>\n<p>\u00abDise\u00f1o italiano para la sostenibilidad\u00bb es el t\u00edtulo del libro presentado en el G8 Medio Ambiente y Energ\u00eda de 2008. El art\u00edculo veh\u00edculos el\u00e9ctricos se refiere a las bicicletas el\u00e9ctricas ITALWIN, el resultado de la excelencia del dise\u00f1o italiano que se combina con cuestiones ambientales.<\/p>\n<h4><strong>ITALWIN se gradu\u00f3 con la m\u00e1xima calificaci\u00f3n<\/strong><\/h4>\n<p>Curso 2008-2009: tesis de grado desarrollada por los estudiantes de ingenier\u00eda el\u00e9ctrica de la Universidad de Padua, en colaboraci\u00f3n con I+D ITALWIN, sobre la bicicleta el\u00e9ctrica de hidr\u00f3geno.[\/vc_column_text][\/vc_column_inner][\/vc_row_inner][\/vc_column][\/vc_row][vc_row css=\u00bb.vc_custom_1649414942150{padding-top: 150px !important;padding-bottom: 50px !important;background-color: #f6f6f6 !important;}\u00bb el_class=\u00bbsezione-storia grigio\u00bb][vc_column][vc_column_text el_class=\u00bbanno-storia\u00bb]2007[\/vc_column_text][vc_row_inner content_placement=\u00bbmiddle\u00bb gap=\u00bb35&#8243; el_class=\u00bbcontainer-1600&#8243; css=\u00bb.vc_custom_1649413935600{padding-top: 100px !important;padding-bottom: 100px !important;}\u00bb][vc_column_inner][vc_column_text]<\/p>\n<h4><strong>Pruebas t\u00e9cnicas de bicicletas compartidas en Vicenza<\/strong><\/h4>\n<p>La administraci\u00f3n municipal de Vicenza ha elegido ITALWIN para el primer suministro en Italia de bicicletas el\u00e9ctricas destinadas al estacionamiento de intercambio, en las afueras de la ciudad, donde a\u00fan hoy puede dejar su autom\u00f3vil estacionado y cruzar las calles de la ciudad con una bicicleta el\u00e9ctrica ITALWIN.<\/p>\n<h4><strong>Un cuadro a prueba de robos<\/strong><\/h4>\n<p>Para proteger a sus clientes de la desagradable sensaci\u00f3n de no encontrar m\u00e1s su e-bike en el lugar donde est\u00e1 aparcada, ITALWIN ha optado por marcar, durante la fase de producci\u00f3n, sus cuadros con un n\u00famero de serie, comenzando as\u00ed a ser los primeros en Italia, una pr\u00e1ctica de personalizaci\u00f3n que al mismo tiempo constituye un importante elemento disuasorio contra el robo de bicicletas el\u00e9ctricas.[\/vc_column_text][\/vc_column_inner][\/vc_row_inner][\/vc_column][\/vc_row][vc_row css=\u00bb.vc_custom_1649414623559{padding-top: 150px !important;padding-bottom: 50px !important;}\u00bb el_class=\u00bbsezione-storia bianco\u00bb][vc_column][vc_column_text el_class=\u00bbanno-storia\u00bb]2006[\/vc_column_text][vc_row_inner content_placement=\u00bbmiddle\u00bb gap=\u00bb35&#8243; el_class=\u00bbcontainer-1600&#8243; css=\u00bb.vc_custom_1649413935600{padding-top: 100px !important;padding-bottom: 100px !important;}\u00bb][vc_column_inner][vc_column_text]<\/p>\n<h4><strong>Una e-bike ITALWIN en el pandoro de Melegatti<\/strong><\/h4>\n<p>La promoci\u00f3n navide\u00f1a firmada por Melegatti ve entre los premios ofrecidos una bicicleta el\u00e9ctrica ITALWIN junto a otras marcas de prestigio como Porsche, Telecom, Michelin, Whirlpool, Olivetti. Melegatti retomar\u00e1 esta iniciativa utilizando, entre otros, una bicicleta el\u00e9ctrica ITALWIN, tambi\u00e9n en Navidad de 2008.[\/vc_column_text][\/vc_column_inner][\/vc_row_inner][\/vc_column][\/vc_row][vc_row css=\u00bb.vc_custom_1649414942150{padding-top: 150px !important;padding-bottom: 50px !important;background-color: #f6f6f6 !important;}\u00bb el_class=\u00bbsezione-storia grigio\u00bb][vc_column][vc_column_text el_class=\u00bbanno-storia\u00bb]2005[\/vc_column_text][vc_row_inner content_placement=\u00bbmiddle\u00bb gap=\u00bb35&#8243; el_class=\u00bbcontainer-1600&#8243; css=\u00bb.vc_custom_1649413935600{padding-top: 100px !important;padding-bottom: 100px !important;}\u00bb][vc_column_inner][vc_column_text]<\/p>\n<h4>La primera prueba en carretera es con una bicicleta el\u00e9ctrica ITALWIN<\/h4>\n<p>Se inaugur\u00f3 la columna \u201croad test\u201d de la revista Ciclismo con una bicicleta el\u00e9ctrica ITALWIN, en concreto el modelo de e-bike de aleaci\u00f3n ligera con bater\u00eda Nikel Metal Hydrate (NiMH) vendida a gran escala.<\/p>\n<p><strong><a href=\"http:\/\/www.ciclismo.it\/italwin-alloy-leggera-e-veloce-1-telaio\">M\u00e1s informaci\u00f3n<\/a><\/strong>[\/vc_column_text][\/vc_column_inner][\/vc_row_inner][\/vc_column][\/vc_row][vc_row css=\u00bb.vc_custom_1649414623559{padding-top: 150px !important;padding-bottom: 50px !important;}\u00bb el_class=\u00bbsezione-storia bianco\u00bb][vc_column][vc_column_text el_class=\u00bbanno-storia\u00bb]2004[\/vc_column_text][vc_row_inner rtl_reverse=\u00bbyes\u00bb content_placement=\u00bbmiddle\u00bb gap=\u00bb35&#8243; el_class=\u00bbcontainer-1600 reverse-rtl\u00bb css=\u00bb.vc_custom_1650961626960{padding-top: 100px !important;padding-bottom: 100px !important;}\u00bb][vc_column_inner width=\u00bb1\/3&#8243;][vc_single_image image=\u00bb5551&#8243; img_size=\u00bbfull\u00bb alignment=\u00bbcenter\u00bb][\/vc_column_inner][vc_column_inner width=\u00bb2\/3&#8243;][vc_column_text]<\/p>\n<h4>La primera vez en EICMA<\/h4>\n<p>Las bicicletas el\u00e9ctricas de la marca ITALWIN fueron de las primeras en ser presentadas en una feria tan prestigiosa como EICMA. ITALWIN fue la \u00fanica marca que present\u00f3 una bicicleta el\u00e9ctrica plegable.[\/vc_column_text][\/vc_column_inner][\/vc_row_inner][\/vc_column][\/vc_row]<\/p>\n<\/div>","protected":false},"excerpt":{"rendered":"<p>[vc_row full_width=\u00bbstretch_row\u00bb css=\u00bb.vc_custom_1653913897514{padding-top: 900px !important;padding-bottom: 20px !important;background-image: url(https:\/\/www.italwin.it\/wp-content\/uploads\/2022\/05\/header-storia.jpg?id=6216) !important;background-position: center !important;background-repeat: no-repeat !important;background-size: cover !important;}\u00bb el_class=\u00bbheader-pagina onda-bottom\u00bb][vc_column][\/vc_column][\/vc_row][vc_row gap=\u00bb35&#8243; content_placement=\u00bbmiddle\u00bb css=\u00bb.vc_custom_1647512773676{padding-bottom: 40px !important;}\u00bb][vc_column][vc_row_inner content_placement=\u00bbmiddle\u00bb gap=\u00bb35&#8243; el_class=\u00bbcontainer-1600 gap-50&#8243;][vc_column_inner][vc_column_text] En esta p\u00e1gina hemos decidido compartir algunos de nuestros casos de \u00e9xito Como evidencia del valor agregado reconocido a la marca Italwin, cada vez que ha sido elegida o [&hellip;]<\/p>\n","protected":false},"author":1,"featured_media":0,"parent":0,"menu_order":0,"comment_status":"closed","ping_status":"closed","template":"","meta":{"inline_featured_image":false,"footnotes":""},"class_list":["post-40279","page","type-page","status-publish","hentry"],"_links":{"self":[{"href":"https:\/\/www.italwin.it\/es\/wp-json\/wp\/v2\/pages\/40279","targetHints":{"allow":["GET"]}}],"collection":[{"href":"https:\/\/www.italwin.it\/es\/wp-json\/wp\/v2\/pages"}],"about":[{"href":"https:\/\/www.italwin.it\/es\/wp-json\/wp\/v2\/types\/page"}],"author":[{"embeddable":true,"href":"https:\/\/www.italwin.it\/es\/wp-json\/wp\/v2\/users\/1"}],"replies":[{"embeddable":true,"href":"https:\/\/www.italwin.it\/es\/wp-json\/wp\/v2\/comments?post=40279"}],"version-history":[{"count":6,"href":"https:\/\/www.italwin.it\/es\/wp-json\/wp\/v2\/pages\/40279\/revisions"}],"predecessor-version":[{"id":40663,"href":"https:\/\/www.italwin.it\/es\/wp-json\/wp\/v2\/pages\/40279\/revisions\/40663"}],"wp:attachment":[{"href":"https:\/\/www.italwin.it\/es\/wp-json\/wp\/v2\/media?parent=40279"}],"curies":[{"name":"wp","href":"https:\/\/api.w.org\/{rel}","templated":true}]}}